{"id":19432,"date":"2024-11-14T12:45:27","date_gmt":"2024-11-14T17:45:27","guid":{"rendered":"https:\/\/looferto.com\/?post_type=product&#038;p=19432"},"modified":"2026-04-28T10:55:18","modified_gmt":"2026-04-28T10:55:18","slug":"gorro-beanie-tactico-militar-con-cuellera-incluida-para-frio","status":"publish","type":"product","link":"https:\/\/scrub.mx\/?product=gorro-beanie-tactico-militar-con-cuellera-incluida-para-frio","title":{"rendered":"Gorro Beanie Tactico militar Con Cuellera Incluida para frio"},"content":{"rendered":"<p>Gorro de terciopelo c\u00e1lido para deportes de oto\u00f1o e invierno, cubierta para el cuello, protector facial para ciclismo al aire libre, conjunto de chal c\u00e1lido, Unisex, Neutral<\/p>\n<div class=\"detailmodule_html\">\n<div class=\"detail-desc-decorate-richtext\">\n<div class=\"ai-description\">\n<div class=\"origin-part box-sizing\">\n<p align=\"start\"><strong data-spm-anchor-id=\"a2g0o.detail.1000023.i0.2e58157x157xH9\">\u2022 Cubierta t\u00e9rmica para la cabeza:<\/strong>Mantenga su cabeza abrigada y acogedora con esta funda t\u00e9rmica para la cabeza hecha de forro polar de poli\u00e9ster.<\/p>\n<p align=\"start\"><strong>\u2022 Bufanda deportiva militar t\u00e1ctica:<\/strong><span data-spm-anchor-id=\"a2g0o.detail.1000023.i1.2e58157x157xH9\">Esta bufanda es perfecta para actividades al aire libre como caza, camping y deportes.<\/span><\/p>\n<p align=\"start\"><strong>\u2022 Dise\u00f1o unisex:<\/strong>Adecuado tanto para hombres como para mujeres, este gorro es vers\u00e1til y puede ser usado por cualquier persona.<\/p>\n<p align=\"start\"><strong>\u2022 Color s\u00f3lido:<\/strong>El dise\u00f1o de color s\u00f3lido hace que sea f\u00e1cil de combinar con cualquier atuendo, a\u00f1adiendo un toque de estilo a tu guardarropa de invierno.<\/p>\n<\/div>\n<\/div>\n<\/div>\n<\/div>\n<div class=\"detailmodule_html\">\n<div class=\"detail-desc-decorate-richtext\"><strong>Especificaciones:<\/strong><\/div>\n<\/div>\n<div class=\"detailmodule_html\">\n<div class=\"detail-desc-decorate-richtext\">\n<div>Art\u00edculo: cubierta t\u00e9rmica para la cabeza<\/div>\n<div>Estilo: casual, mantener abrigado<\/div>\n<div>Material: poli\u00e9ster<\/div>\n<div>Color: marr\u00f3n, verde, gris, negro, azul Drak, azul<\/div>\n<div>N\u00famero de piezas: 1 pieza<\/div>\n<div>Tama\u00f1o del producto: 30&#215;25 cm<\/div>\n<div><\/div>\n<div><strong>Caracter\u00edsticas:<\/strong><\/div>\n<div>1.Material superior: suave y agradable para la piel, transpirable y de secado r\u00e1pido, protege tu cara, oreja y cuello del sol, viento y polvo.<\/div>\n<div>2.Multifunci\u00f3n: \u00fasalo como polaina para el cuello cerrada.Se puede usar solo o debajo de cualquier tipo de casco o sombrero.<\/div>\n<div>3. Multiusos: ideal para actividades al aire libre como esqu\u00ed, snowboard, motociclismo, ciclismo, carrera, senderismo, monta\u00f1ismo, caza.<\/div>\n<\/div>\n<\/div>\n<p>&nbsp;<\/p>\n<p>Mant\u00e9ngase abrigado y protegido durante sus actividades al aire libre con nuestro conjunto de gorro de terciopelo c\u00e1lido para deportes de oto\u00f1o e invierno y chal con cuello de pelusa. Este conjunto unisex est\u00e1 dise\u00f1ado para la m\u00e1xima comodidad y calidez, con un sombrero de terciopelo de felpa y una acogedora cubierta de cuello peludo que tambi\u00e9n sirve como un protector facial. Perfecto para ciclismo, correr o cualquier deporte al aire libre, este conjunto te asegura mantenerte caliente y protegido del fr\u00edo. El dise\u00f1o neutro lo hace adecuado tanto para hombres como para mujeres, ofreciendo una soluci\u00f3n elegante y pr\u00e1ctica para el clima fr\u00edo. Abraza el aire libre con confianza y comodidad con nuestro vers\u00e1til conjunto de Mantones c\u00e1lidos.<\/p>\n","protected":false},"excerpt":{"rendered":"<p>Gorro de terciopelo c\u00e1lido para deportes de oto\u00f1o e invierno, cubierta para el cuello, protector facial para ciclismo al aire libre, conjunto de chal c\u00e1lido, Unisex, Neutral \u2022 Cubierta t\u00e9rmica para la cabeza:Mantenga su cabeza abrigada y acogedora con esta funda t\u00e9rmica para la cabeza hecha de forro polar de poli\u00e9ster. \u2022 Bufanda deportiva militar&#8230;<\/p>\n","protected":false},"featured_media":21591,"template":"","meta":{"_kad_post_transparent":"default","_kad_post_title":"","_kad_post_layout":"default","_kad_post_sidebar_id":"","_kad_post_content_style":"default","_kad_post_vertical_padding":"default","_kad_post_feature":"","_kad_post_feature_position":"","_kad_post_header":false,"_kad_post_footer":false,"_kad_post_classname":"","_joinchat":[]},"product_brand":[],"product_cat":[968],"product_tag":[],"class_list":["post-19432","product","type-product","status-publish","has-post-thumbnail","product_cat-gorras","first","instock","taxable","shipping-taxable","purchasable","product-type-variable","entry","content-bg","loop-entry"],"supplier_id":null,"supplier_sku":"","barcode":null,"atum_controlled":true,"out_stock_date":null,"out_stock_threshold":null,"inheritable":true,"inbound_stock":null,"stock_on_hold":0,"sold_today":0,"sales_last_days":0,"reserved_stock":null,"customer_returns":null,"warehouse_damage":null,"lost_in_post":null,"other_logs":null,"out_stock_days":0,"lost_sales":0,"has_location":false,"update_date":"2026-08-30T01:21:33","atum_locations":[],"atum_stock_status":"instock","restock_status":false,"low_stock_amount":"","sales_update_date":"2026-08-30T01:21:33","calc_backorders":null,"yoast_head":"<!-- This site is optimized with the Yoast SEO plugin v28.0 - https:\/\/yoast.com\/product\/yoast-seo-wordpress\/ -->\n<title>Gorro Beanie Tactico militar Con Cuellera Incluida para frio - Uniformes.info<\/title>\n<meta name=\"description\" content=\"Gorro de terciopelo c\u00e1lido para deportes de oto\u00f1o e invierno, cubierta para el cuello, protector facial para ciclismo al aire libre, conjunto de chal c\u00e1lido\" \/>\n<meta name=\"robots\" content=\"index, follow, max-snippet:-1, max-image-preview:large, max-video-preview:-1\" \/>\n<link rel=\"canonical\" href=\"https:\/\/scrub.mx\/?product=gorro-beanie-tactico-militar-con-cuellera-incluida-para-frio\" \/>\n<meta property=\"og:locale\" content=\"es_ES\" \/>\n<meta property=\"og:type\" content=\"article\" \/>\n<meta property=\"og:title\" content=\"Gorro Beanie Tactico militar Con Cuellera Incluida para frio - Uniformes.info\" \/>\n<meta property=\"og:description\" content=\"Gorro de terciopelo c\u00e1lido para deportes de oto\u00f1o e invierno, cubierta para el cuello, protector facial para ciclismo al aire libre, conjunto de chal c\u00e1lido\" \/>\n<meta property=\"og:url\" content=\"https:\/\/scrub.mx\/?product=gorro-beanie-tactico-militar-con-cuellera-incluida-para-frio\" \/>\n<meta property=\"og:site_name\" content=\"Uniformes.info\" \/>\n<meta property=\"article:modified_time\" content=\"2026-04-28T10:55:18+00:00\" \/>\n<meta property=\"og:image\" content=\"https:\/\/scrub.mx\/wp-content\/uploads\/2024\/11\/gorro-con-bufanda-1.webp\" \/>\n\t<meta property=\"og:image:width\" content=\"800\" \/>\n\t<meta property=\"og:image:height\" content=\"800\" \/>\n\t<meta property=\"og:image:type\" content=\"image\/webp\" \/>\n<meta name=\"twitter:card\" content=\"summary_large_image\" \/>\n<meta name=\"twitter:label1\" content=\"Tiempo de lectura\" \/>\n\t<meta name=\"twitter:data1\" content=\"2 minutos\" \/>\n<script type=\"application\/ld+json\" class=\"yoast-schema-graph\">{\"@context\":\"https:\\\/\\\/schema.org\",\"@graph\":[{\"@type\":\"WebPage\",\"@id\":\"https:\\\/\\\/scrub.mx\\\/?product=gorro-beanie-tactico-militar-con-cuellera-incluida-para-frio\",\"url\":\"https:\\\/\\\/scrub.mx\\\/?product=gorro-beanie-tactico-militar-con-cuellera-incluida-para-frio\",\"name\":\"Gorro Beanie Tactico militar Con Cuellera Incluida para frio - Uniformes.info\",\"isPartOf\":{\"@id\":\"https:\\\/\\\/scrub.mx\\\/#website\"},\"primaryImageOfPage\":{\"@id\":\"https:\\\/\\\/scrub.mx\\\/?product=gorro-beanie-tactico-militar-con-cuellera-incluida-para-frio#primaryimage\"},\"image\":{\"@id\":\"https:\\\/\\\/scrub.mx\\\/?product=gorro-beanie-tactico-militar-con-cuellera-incluida-para-frio#primaryimage\"},\"thumbnailUrl\":\"https:\\\/\\\/i0.wp.com\\\/scrub.mx\\\/wp-content\\\/uploads\\\/2024\\\/11\\\/gorro-con-bufanda-1.webp?fit=800%2C800&ssl=1\",\"datePublished\":\"2024-11-14T17:45:27+00:00\",\"dateModified\":\"2026-04-28T10:55:18+00:00\",\"description\":\"Gorro de terciopelo c\u00e1lido para deportes de oto\u00f1o e invierno, cubierta para el cuello, protector facial para ciclismo al aire libre, conjunto de chal c\u00e1lido\",\"breadcrumb\":{\"@id\":\"https:\\\/\\\/scrub.mx\\\/?product=gorro-beanie-tactico-militar-con-cuellera-incluida-para-frio#breadcrumb\"},\"inLanguage\":\"es\",\"potentialAction\":[{\"@type\":\"ReadAction\",\"target\":[\"https:\\\/\\\/scrub.mx\\\/?product=gorro-beanie-tactico-militar-con-cuellera-incluida-para-frio\"]}]},{\"@type\":\"ImageObject\",\"inLanguage\":\"es\",\"@id\":\"https:\\\/\\\/scrub.mx\\\/?product=gorro-beanie-tactico-militar-con-cuellera-incluida-para-frio#primaryimage\",\"url\":\"https:\\\/\\\/i0.wp.com\\\/scrub.mx\\\/wp-content\\\/uploads\\\/2024\\\/11\\\/gorro-con-bufanda-1.webp?fit=800%2C800&ssl=1\",\"contentUrl\":\"https:\\\/\\\/i0.wp.com\\\/scrub.mx\\\/wp-content\\\/uploads\\\/2024\\\/11\\\/gorro-con-bufanda-1.webp?fit=800%2C800&ssl=1\",\"width\":800,\"height\":800},{\"@type\":\"BreadcrumbList\",\"@id\":\"https:\\\/\\\/scrub.mx\\\/?product=gorro-beanie-tactico-militar-con-cuellera-incluida-para-frio#breadcrumb\",\"itemListElement\":[{\"@type\":\"ListItem\",\"position\":1,\"name\":\"Portada\",\"item\":\"https:\\\/\\\/scrub.mx\\\/\"},{\"@type\":\"ListItem\",\"position\":2,\"name\":\"Scrub.MX\",\"item\":\"https:\\\/\\\/scrub.mx\\\/\"},{\"@type\":\"ListItem\",\"position\":3,\"name\":\"Gorro Beanie Tactico militar Con Cuellera Incluida para frio\"}]},{\"@type\":\"WebSite\",\"@id\":\"https:\\\/\\\/scrub.mx\\\/#website\",\"url\":\"https:\\\/\\\/scrub.mx\\\/\",\"name\":\"Scrub.MX\",\"description\":\"Bodega de uniformes y accesorios.\",\"publisher\":{\"@id\":\"https:\\\/\\\/scrub.mx\\\/#organization\"},\"potentialAction\":[{\"@type\":\"SearchAction\",\"target\":{\"@type\":\"EntryPoint\",\"urlTemplate\":\"https:\\\/\\\/scrub.mx\\\/?s={search_term_string}\"},\"query-input\":{\"@type\":\"PropertyValueSpecification\",\"valueRequired\":true,\"valueName\":\"search_term_string\"}}],\"inLanguage\":\"es\"},{\"@type\":\"Organization\",\"@id\":\"https:\\\/\\\/scrub.mx\\\/#organization\",\"name\":\"Uniformes.info\",\"url\":\"https:\\\/\\\/scrub.mx\\\/\",\"logo\":{\"@type\":\"ImageObject\",\"inLanguage\":\"es\",\"@id\":\"https:\\\/\\\/scrub.mx\\\/#\\\/schema\\\/logo\\\/image\\\/\",\"url\":\"https:\\\/\\\/i0.wp.com\\\/scrub.mx\\\/wp-content\\\/uploads\\\/2026\\\/02\\\/was-velika.png?fit=156%2C29&ssl=1\",\"contentUrl\":\"https:\\\/\\\/i0.wp.com\\\/scrub.mx\\\/wp-content\\\/uploads\\\/2026\\\/02\\\/was-velika.png?fit=156%2C29&ssl=1\",\"width\":156,\"height\":29,\"caption\":\"Uniformes.info\"},\"image\":{\"@id\":\"https:\\\/\\\/scrub.mx\\\/#\\\/schema\\\/logo\\\/image\\\/\"}}]}<\/script>\n<!-- \/ Yoast SEO plugin. -->","yoast_head_json":{"title":"Gorro Beanie Tactico militar Con Cuellera Incluida para frio - Uniformes.info","description":"Gorro de terciopelo c\u00e1lido para deportes de oto\u00f1o e invierno, cubierta para el cuello, protector facial para ciclismo al aire libre, conjunto de chal c\u00e1lido","robots":{"index":"index","follow":"follow","max-snippet":"max-snippet:-1","max-image-preview":"max-image-preview:large","max-video-preview":"max-video-preview:-1"},"canonical":"https:\/\/scrub.mx\/?product=gorro-beanie-tactico-militar-con-cuellera-incluida-para-frio","og_locale":"es_ES","og_type":"article","og_title":"Gorro Beanie Tactico militar Con Cuellera Incluida para frio - Uniformes.info","og_description":"Gorro de terciopelo c\u00e1lido para deportes de oto\u00f1o e invierno, cubierta para el cuello, protector facial para ciclismo al aire libre, conjunto de chal c\u00e1lido","og_url":"https:\/\/scrub.mx\/?product=gorro-beanie-tactico-militar-con-cuellera-incluida-para-frio","og_site_name":"Uniformes.info","article_modified_time":"2026-04-28T10:55:18+00:00","og_image":[{"width":800,"height":800,"url":"https:\/\/scrub.mx\/wp-content\/uploads\/2024\/11\/gorro-con-bufanda-1.webp","type":"image\/webp"}],"twitter_card":"summary_large_image","twitter_misc":{"Tiempo de lectura":"2 minutos"},"schema":{"@context":"https:\/\/schema.org","@graph":[{"@type":"WebPage","@id":"https:\/\/scrub.mx\/?product=gorro-beanie-tactico-militar-con-cuellera-incluida-para-frio","url":"https:\/\/scrub.mx\/?product=gorro-beanie-tactico-militar-con-cuellera-incluida-para-frio","name":"Gorro Beanie Tactico militar Con Cuellera Incluida para frio - Uniformes.info","isPartOf":{"@id":"https:\/\/scrub.mx\/#website"},"primaryImageOfPage":{"@id":"https:\/\/scrub.mx\/?product=gorro-beanie-tactico-militar-con-cuellera-incluida-para-frio#primaryimage"},"image":{"@id":"https:\/\/scrub.mx\/?product=gorro-beanie-tactico-militar-con-cuellera-incluida-para-frio#primaryimage"},"thumbnailUrl":"https:\/\/i0.wp.com\/scrub.mx\/wp-content\/uploads\/2024\/11\/gorro-con-bufanda-1.webp?fit=800%2C800&ssl=1","datePublished":"2024-11-14T17:45:27+00:00","dateModified":"2026-04-28T10:55:18+00:00","description":"Gorro de terciopelo c\u00e1lido para deportes de oto\u00f1o e invierno, cubierta para el cuello, protector facial para ciclismo al aire libre, conjunto de chal c\u00e1lido","breadcrumb":{"@id":"https:\/\/scrub.mx\/?product=gorro-beanie-tactico-militar-con-cuellera-incluida-para-frio#breadcrumb"},"inLanguage":"es","potentialAction":[{"@type":"ReadAction","target":["https:\/\/scrub.mx\/?product=gorro-beanie-tactico-militar-con-cuellera-incluida-para-frio"]}]},{"@type":"ImageObject","inLanguage":"es","@id":"https:\/\/scrub.mx\/?product=gorro-beanie-tactico-militar-con-cuellera-incluida-para-frio#primaryimage","url":"https:\/\/i0.wp.com\/scrub.mx\/wp-content\/uploads\/2024\/11\/gorro-con-bufanda-1.webp?fit=800%2C800&ssl=1","contentUrl":"https:\/\/i0.wp.com\/scrub.mx\/wp-content\/uploads\/2024\/11\/gorro-con-bufanda-1.webp?fit=800%2C800&ssl=1","width":800,"height":800},{"@type":"BreadcrumbList","@id":"https:\/\/scrub.mx\/?product=gorro-beanie-tactico-militar-con-cuellera-incluida-para-frio#breadcrumb","itemListElement":[{"@type":"ListItem","position":1,"name":"Portada","item":"https:\/\/scrub.mx\/"},{"@type":"ListItem","position":2,"name":"Scrub.MX","item":"https:\/\/scrub.mx\/"},{"@type":"ListItem","position":3,"name":"Gorro Beanie Tactico militar Con Cuellera Incluida para frio"}]},{"@type":"WebSite","@id":"https:\/\/scrub.mx\/#website","url":"https:\/\/scrub.mx\/","name":"Scrub.MX","description":"Bodega de uniformes y accesorios.","publisher":{"@id":"https:\/\/scrub.mx\/#organization"},"potentialAction":[{"@type":"SearchAction","target":{"@type":"EntryPoint","urlTemplate":"https:\/\/scrub.mx\/?s={search_term_string}"},"query-input":{"@type":"PropertyValueSpecification","valueRequired":true,"valueName":"search_term_string"}}],"inLanguage":"es"},{"@type":"Organization","@id":"https:\/\/scrub.mx\/#organization","name":"Uniformes.info","url":"https:\/\/scrub.mx\/","logo":{"@type":"ImageObject","inLanguage":"es","@id":"https:\/\/scrub.mx\/#\/schema\/logo\/image\/","url":"https:\/\/i0.wp.com\/scrub.mx\/wp-content\/uploads\/2026\/02\/was-velika.png?fit=156%2C29&ssl=1","contentUrl":"https:\/\/i0.wp.com\/scrub.mx\/wp-content\/uploads\/2026\/02\/was-velika.png?fit=156%2C29&ssl=1","width":156,"height":29,"caption":"Uniformes.info"},"image":{"@id":"https:\/\/scrub.mx\/#\/schema\/logo\/image\/"}}]}},"_links":{"self":[{"href":"https:\/\/scrub.mx\/index.php?rest_route=\/wp\/v2\/product\/19432","targetHints":{"allow":["GET"]}}],"collection":[{"href":"https:\/\/scrub.mx\/index.php?rest_route=\/wp\/v2\/product"}],"about":[{"href":"https:\/\/scrub.mx\/index.php?rest_route=\/wp\/v2\/types\/product"}],"wp:featuredmedia":[{"embeddable":true,"href":"https:\/\/scrub.mx\/index.php?rest_route=\/wp\/v2\/media\/21591"}],"wp:attachment":[{"href":"https:\/\/scrub.mx\/index.php?rest_route=%2Fwp%2Fv2%2Fmedia&parent=19432"}],"wp:term":[{"taxonomy":"product_brand","embeddable":true,"href":"https:\/\/scrub.mx\/index.php?rest_route=%2Fwp%2Fv2%2Fproduct_brand&post=19432"},{"taxonomy":"product_cat","embeddable":true,"href":"https:\/\/scrub.mx\/index.php?rest_route=%2Fwp%2Fv2%2Fproduct_cat&post=19432"},{"taxonomy":"product_tag","embeddable":true,"href":"https:\/\/scrub.mx\/index.php?rest_route=%2Fwp%2Fv2%2Fproduct_tag&post=19432"}],"curies":[{"name":"wp","href":"https:\/\/api.w.org\/{rel}","templated":true}]}}